{"id":496,"date":"2018-01-21T10:23:02","date_gmt":"2018-01-21T08:23:02","guid":{"rendered":"https:\/\/christliche-mitte.de\/?page_id=496"},"modified":"2020-07-01T17:45:13","modified_gmt":"2020-07-01T15:45:13","slug":"publikationen","status":"publish","type":"page","link":"https:\/\/christliche-mitte.de\/index.php\/publikationen\/","title":{"rendered":"Publikationen"},"content":{"rendered":"<p><a href=\"https:\/\/christliche-mitte.de\/wp-content\/uploads\/2019\/02\/laempel-e1550851142775.jpg\"><img loading=\"lazy\" decoding=\"async\" class=\"alignleft size-full wp-image-2546\" src=\"https:\/\/christliche-mitte.de\/wp-content\/uploads\/2019\/02\/laempel-e1550851142775.jpg\" alt=\"\" width=\"144\" height=\"196\" \/><\/a><\/p>\n<p><span style=\"color: #008000;\"><strong><br \/>Hier finden Sie eine gro\u00dfe Auswahl an B\u00fcchern,<br \/>Brosch\u00fcren, Flugbl\u00e4ttern und Gebetszetteln.<br \/><\/strong><\/span><\/p>\n<p><span style=\"color: #000000;\"><strong>Wir bitten um eine Unkostenspende in H\u00f6he von:<\/strong><\/span><br \/><span style=\"color: #000000;\"> &#8211; f\u00fcr B\u00fccher:\u00a0\u00a0\u00a0\u00a0\u00a0\u00a0\u00a0\u00a0\u00a0 je Buch\u00a0\u00a0\u00a0\u00a0\u00a0\u00a0\u00a0\u00a0\u00a0\u00a0\u00a0\u00a0\u00a0\u00a0\u00a0\u00a0 \u20ac <\/span><span style=\"color: #000000;\">5,00<\/span><br \/><span style=\"color: #000000;\"> &#8211; f\u00fcr Brosch\u00fcren: je Brosch\u00fcre\u00a0\u00a0\u00a0\u00a0 \u00a0 \u20ac 2,00<br \/><\/span>&#8211; <span style=\"color: #000000;\">f\u00fcr Flugbl\u00e4tter:\u00a0 anfallende Portokosten<br \/><a href=\"https:\/\/christliche-mitte.de\/index.php\/2018\/10\/25\/kurier-abo\/\">&#8211; Ihr CM-Kurier ABO<\/a><br \/><\/span><\/p>\n<p><span style=\"color: #800000;\">Bitte beachten: Bei Zusendungen nach \u00d6sterreich und die Schweiz (bzw. au\u00dferhalb Deutschlands)<br \/>fallen leider hohe Versandkosten an, die wir von Ihnen einfordern m\u00fcssen.<br \/>Der Lieferung liegt ein Zettel bei, auf dem der angefallene Porto.Betrag vermerkt ist, den Sie uns bitte zus\u00e4tzlich \u00fcberweisen m\u00f6chten.<br \/><\/span><\/p>\n<p><span style=\"color: #000000;\"><strong>Danke f\u00fcr Ihr Verst\u00e4ndnis!<\/strong><\/span><br \/><span style=\"color: #000000;\">Ihre<\/span><br \/><span style=\"color: #000000;\"> Christliche Mitte<\/span><\/p>\n<p>(<strong><a href=\"https:\/\/christliche-mitte.de\/index.php\/archiv\/zeitungs-archiv-kurier-ab-2001\/\">zum Kurier-Archiv<\/a><\/strong>)<\/p>\n<p><em><span style=\"color: #000000;\"><strong>Wer ein Buch schenkt oder andere Schriften und dabei kein anderes Verdienst h\u00e4tte,<\/strong><\/span><br \/><span style=\"color: #000000;\"><strong>als einen Gedanken\u00a0 f\u00fcr GOTT entfacht zu haben,<\/strong><\/span><br \/><span style=\"color: #000000;\"><strong>hat sich schon dadurch ein unvergleichliches Verdienst erworben.<br \/><\/strong>\u00a0\u00a0\u00a0\u00a0\u00a0\u00a0\u00a0\u00a0\u00a0\u00a0\u00a0\u00a0\u00a0\u00a0\u00a0\u00a0\u00a0\u00a0\u00a0\u00a0\u00a0\u00a0\u00a0\u00a0\u00a0\u00a0\u00a0\u00a0\u00a0\u00a0\u00a0\u00a0\u00a0\u00a0\u00a0\u00a0\u00a0\u00a0\u00a0\u00a0\u00a0\u00a0\u00a0\u00a0\u00a0\u00a0\u00a0\u00a0\u00a0\u00a0\u00a0\u00a0\u00a0\u00a0\u00a0\u00a0\u00a0\u00a0\u00a0\u00a0\u00a0\u00a0\u00a0\u00a0\u00a0\u00a0\u00a0\u00a0\u00a0\u00a0\u00a0\u00a0\u00a0\u00a0\u00a0\u00a0\u00a0\u00a0\u00a0\u00a0\u00a0\u00a0\u00a0\u00a0\u00a0\u00a0\u00a0\u00a0\u00a0\u00a0\u00a0\u00a0\u00a0\u00a0\u00a0\u00a0\u00a0\u00a0 \u00a0 \u00a0 \u00a0 \u00a0 \u00a0 \u00a0 \u00a0 \u00a0 \u00a0 \u00a0 \u00a0 \u00a0 \u00a0 \u00a0 \u00a0 \u00a0 \u00a0 \u00a0\u00a0 ( Hl. Johannes Don Bosco)<br \/>&#8212;&#8212;&#8212;&#8212;&#8212;&#8212;&#8212;&#8212;&#8212;&#8212;&#8212;&#8212;&#8212;&#8212;&#8212;&#8212;&#8212;&#8212;&#8212;&#8212;&#8212;&#8212;&#8212;&#8212;&#8212;&#8212;&#8212;&#8212;&#8212;&#8212;&#8212;&#8212;&#8212;&#8212;&#8212;&#8212;&#8212;&#8212;&#8212;&#8212;&#8212;&#8212;&#8212;&#8212;&#8212;&#8212;&#8212;&#8212;&#8211;<br \/><\/span><\/em><\/p>\n<p><span style=\"color: #ff0000;\"><strong>Hinweis:<\/strong><\/span><br \/>Bitte haben Sie Verst\u00e4ndnis, da\u00df wir aus organisatorischen Gr\u00fcnden nur<strong> Bestellungen<\/strong> bearbeiten k\u00f6nnen, die<br \/>entweder mit dem <span style=\"color: #ff0000;\"><strong>Bestell-Formular<\/strong><\/span><br \/>oder<br \/>an unsere<strong><span style=\"color: #ff0000;\"> E-Mail-Adresse <span style=\"color: #000000;\">info@christliche-mitte.de<\/span><\/span><\/strong><br \/>oder<br \/><strong><span style=\"color: #ff0000;\">Postanschrift<\/span><br \/>CHRISTLICHE MITTE<br \/>Ahlkener Str. 1<br \/>59329 Wadersloh<\/strong><br \/>erfolgten. Herzlichen Dank!<\/p>\n","protected":false},"excerpt":{"rendered":"<p>Hier finden Sie eine gro\u00dfe Auswahl an B\u00fcchern,Brosch\u00fcren, Flugbl\u00e4ttern und Gebetszetteln. Wir bitten um eine Unkostenspende in H\u00f6he von: &#8211; f\u00fcr B\u00fccher:\u00a0\u00a0\u00a0\u00a0\u00a0\u00a0\u00a0\u00a0\u00a0 je Buch\u00a0\u00a0\u00a0\u00a0\u00a0\u00a0\u00a0\u00a0\u00a0\u00a0\u00a0\u00a0\u00a0\u00a0\u00a0\u00a0 \u20ac 5,00 &#8211; f\u00fcr Brosch\u00fcren: je Brosch\u00fcre\u00a0\u00a0\u00a0\u00a0 \u00a0 \u20ac 2,00&#8211; f\u00fcr Flugbl\u00e4tter:\u00a0 anfallende Portokosten&#8211; Ihr CM-Kurier ABO Bitte beachten: Bei Zusendungen nach \u00d6sterreich und die Schweiz (bzw. au\u00dferhalb Deutschlands)fallen leider hohe&hellip;<\/p>\n","protected":false},"author":1,"featured_media":727,"parent":0,"menu_order":0,"comment_status":"open","ping_status":"closed","template":"","meta":{"footnotes":""},"class_list":["post-496","page","type-page","status-publish","has-post-thumbnail","hentry","entry"],"_links":{"self":[{"href":"https:\/\/christliche-mitte.de\/index.php\/wp-json\/wp\/v2\/pages\/496","targetHints":{"allow":["GET"]}}],"collection":[{"href":"https:\/\/christliche-mitte.de\/index.php\/wp-json\/wp\/v2\/pages"}],"about":[{"href":"https:\/\/christliche-mitte.de\/index.php\/wp-json\/wp\/v2\/types\/page"}],"author":[{"embeddable":true,"href":"https:\/\/christliche-mitte.de\/index.php\/wp-json\/wp\/v2\/users\/1"}],"replies":[{"embeddable":true,"href":"https:\/\/christliche-mitte.de\/index.php\/wp-json\/wp\/v2\/comments?post=496"}],"version-history":[{"count":10,"href":"https:\/\/christliche-mitte.de\/index.php\/wp-json\/wp\/v2\/pages\/496\/revisions"}],"predecessor-version":[{"id":4396,"href":"https:\/\/christliche-mitte.de\/index.php\/wp-json\/wp\/v2\/pages\/496\/revisions\/4396"}],"wp:featuredmedia":[{"embeddable":true,"href":"https:\/\/christliche-mitte.de\/index.php\/wp-json\/wp\/v2\/media\/727"}],"wp:attachment":[{"href":"https:\/\/christliche-mitte.de\/index.php\/wp-json\/wp\/v2\/media?parent=496"}],"curies":[{"name":"wp","href":"https:\/\/api.w.org\/{rel}","templated":true}]}}